{"id":6669,"date":"2025-10-08T16:00:19","date_gmt":"2025-10-08T14:00:19","guid":{"rendered":"https:\/\/www.lauradauzonne.com\/dominar-el-canto-el-anclaje-del-cuerpo-y-la-resonancia\/"},"modified":"2025-10-08T16:00:19","modified_gmt":"2025-10-08T14:00:19","slug":"dominar-el-canto-el-anclaje-del-cuerpo-y-la-resonancia","status":"publish","type":"page","link":"https:\/\/www.lauradauzonne.com\/es\/dominar-el-canto-el-anclaje-del-cuerpo-y-la-resonancia\/","title":{"rendered":"Dominar el canto: El anclaje del cuerpo y la resonancia"},"content":{"rendered":"<section><strong>\u00a1Buenos d\u00edas a todos mis alumnos!<\/strong><\/section>\n<section><\/section>\n<section><\/section>\n<section>Por primera vez, abro el acceso a un conjunto de pistas y t\u00e9cnicas de trabajo detalladas. Este m\u00f3dulo pretende ser expl\u00edcito y universal, tanto si est\u00e1 familiarizado con mi metodolog\u00eda como si no. Encontrar\u00e1 ejercicios claros para progresar a su ritmo. Si un ejercicio le plantea alg\u00fan problema, sepa que estoy a su disposici\u00f3n para apoyarle, ayudarle y explic\u00e1rselo de nuevo. Antes de sumergirse en la t\u00e9cnica, no olvide que puede seguirme en mi canal de YouTube: \u00abLaura Dauzonne\u00bb o ponerse en contacto conmigo directamente para cualquier solicitud de clases (con o sin solfeo).    <\/p>\n<h4>1. La exploraci\u00f3n de la m\u00e1scara: Base y riqueza del sonido<\/h4>\n<p>El concepto de <b>\u00abCantar en la m\u00e1scara\u00bb<\/b> es la base esencial para controlar, matizar y, sobre todo, enriquecer su canto. Todo el estudio del sonido comienza aqu\u00ed: se trata de activar la puesta en vibraci\u00f3n de las cavidades huecas, los huesos y las membranas, los resonadores situados en la cabeza y en los senos paranasales. <\/p>\n<p><i>La m\u00e1scara:<\/i><\/p>\n<p><img fetchpriority=\"high\" decoding=\"async\" class=\"wp-image-6454 alignnone\" src=\"https:\/\/www.lauradauzonne.com\/wp-content\/uploads\/2025\/10\/image2.png\" alt=\"\" width=\"241\" height=\"219\"><\/p>\n<p>Observ\u00e9 a una alumna que, al cantar con la nariz, provocaba un ahogo del sonido. Al explorar la m\u00e1scara, pudo romper este h\u00e1bito y ampliar los componentes del sonido para recrear su propia caja de resonancia. <\/p>\n<p>Dirigir el espectro musical a todas las cavidades ac\u00fasticas de la cabeza es crucial para obtener la riqueza del sonido.<\/p>\n<p><strong><i>Soportes visuales 2 y 3 \u2013 Espectro musical y cavidades ac\u00fasticas.<\/i><\/strong><\/p>\n<p><strong>2.<\/strong><\/p>\n<p><img decoding=\"async\" class=\"sFlh5c FyHeAf\" src=\"https:\/\/www.lauradauzonne.com\/wp-content\/uploads\/2025\/10\/images.png\" alt=\"  width=\" width=\"475\" height=\"201\" data-ilt=\"1760619406093\"><\/p>\n<p><strong>3.<\/strong><\/p>\n<p>&nbsp;<\/p>\n<p><img decoding=\"async\" class=\"sFlh5c FyHeAf\" src=\"https:\/\/www.lauradauzonne.com\/wp-content\/uploads\/2025\/10\/images0.jpeg\" alt=\"Funci\u00f3n de los SIP en el control de la voz cantada\" width=\"370\" height=\"230\" data-ilt=\"1760619521086\"><\/p>\n<p><b>Recordatorio \/ Informaci\u00f3n \u00fatil: Los fundamentos del sonido<\/b><\/p>\n<p>El estudio de la frecuencia o del sonido fundamental es el pilar de la t\u00e9cnica vocal y se resume con el acr\u00f3nimo D.I.H.T.:<\/p>\n<table>\n<thead>\n<tr>\n<td>Componente<\/td>\n<td>Significado<\/td>\n<\/tr>\n<\/thead>\n<tbody>\n<tr>\n<td><b>Direcci\u00f3n<\/b><\/td>\n<td>De origen (del sonido)<\/td>\n<\/tr>\n<tr>\n<td><b>Intensidad<\/b><\/td>\n<td>Volumen y proyecci\u00f3n<\/td>\n<\/tr>\n<tr>\n<td><b>Altura<\/b><\/td>\n<td>Frecuencia de la nota<\/td>\n<\/tr>\n<tr>\n<td><b>Timbre<\/b><\/td>\n<td>Color y calidad de la voz<\/td>\n<\/tr>\n<\/tbody>\n<\/table>\n<p><b>Complemento: Los arm\u00f3nicos<\/b><\/p>\n<p>El timbre de su voz se transformar\u00e1 a medida que trabaje su voz. Este enriquecimiento se debe a los arm\u00f3nicos.  <i>(Integrar aqu\u00ed la tabla o esquema de los detalles simplificados de lo esencial que hay que recordar de los \u00abarm\u00f3nicos\u00bb).<\/i><\/p>\n<p><strong><em>Le invito a una escucha comparativa para captar el impacto de este trabajo:<\/em><\/strong><\/p>\n<ul>\n<li><b>Mi versi\u00f3n:<\/b> Escuche mi canci\u00f3n, \u00abSi Jolie &#8211; Cours de chant Paris, Laura Dauzonne\u00bb (en Re bemol), donde utilizo acentuaciones para colocar mejor los momentos necesarios de respiraci\u00f3n.<\/li>\n<\/ul>\n<p><iframe title=\"Si Jolie - Cours de chant Paris, Laura Dauzonne\" src=\"https:\/\/www.youtube.com\/embed\/atK1VVUzK6o\" width=\"400\" height=\"350\" frameborder=\"0\" allowfullscreen=\"allowfullscreen\"><\/iframe><\/p>\n<ul>\n<li><b>Versi\u00f3n original:<\/b> Compare con la de Yves Montand, \u00abYves Montand &#8211; Si jolie\u00bb (interpretada en Do):<\/li>\n<\/ul>\n<p><iframe title=\"Yves Montand - Si jolie\" src=\"https:\/\/www.youtube.com\/embed\/e618PEzeJbU\" width=\"400\" height=\"350\" frameborder=\"0\" allowfullscreen=\"allowfullscreen\"><\/iframe><\/p>\n<h4>2. Mi filosof\u00eda vocal: Sublimar en lugar de moldear<\/h4>\n<p>Seg\u00fan mi metodolog\u00eda, el trabajo vocal no busca moldear o encerrar las voces en una casilla espec\u00edfica; su objetivo es explorarlas para revelarlas y sublimarlas. Forzar no es bueno. Entorpece el aprendizaje y la progresi\u00f3n. Es respetando esta metodolog\u00eda como la voz se enriquece en arm\u00f3nicos, se construye progresivamente gracias a ejercicios regulares.   <\/p>\n<h4>3. El anclaje y la postura: El cuerpo como herramienta<\/h4>\n<p>Para cantar bien, es fundamental estudiar su mantenimiento, ya que el cuerpo es un instrumento que moviliza todo el ser.<\/p>\n<p><b>El anclaje<\/b><\/p>\n<ul>\n<li><b>Posici\u00f3n:<\/b> Cuando est\u00e9 de pie, sit\u00faese en el suelo gracias al anclaje.<\/li>\n<li><b>Rodillas:<\/b> Flexione apenas las rodillas para que est\u00e9n flexibles y ligeramente m\u00f3viles (sin exagerar demasiado).<\/li>\n<li><b>Intenci\u00f3n:<\/b> En lugar de tensarse dici\u00e9ndose que hay que \u00abpermanecer recto\u00bb, rel\u00e1jese completamente; suelte y conf\u00ede en s\u00ed mismo.<\/li>\n<\/ul>\n<p><b>Consejo:<\/b> No vea este posicionamiento como una restricci\u00f3n. Un buen anclaje predispone todo el cuerpo al canto, permiti\u00e9ndole relajarse mientras se mantiene erguido. <\/p>\n<p><b>Ejercicio de postura: El t\u00edtere (alineaci\u00f3n cervical)<\/b><\/p>\n<p>Este ejercicio permite alinear las cervicales e influir correctamente en el paso del aire:<\/p>\n<ol start=\"1\">\n<li>Si\u00e9ntese c\u00f3modamente en una silla, sin apoyarse.<\/li>\n<li>Relaje los hombros empuj\u00e1ndolos hacia el suelo.<\/li>\n<li>Imagine que una cuerda est\u00e1 atada a la parte superior de su cr\u00e1neo y que alguien tira de ella: crezca para alargar su nuca mientras respira normalmente.<\/li>\n<li>La respiraci\u00f3n consciente: El papel del diafragma<\/li>\n<\/ol>\n<p><strong>Observaci\u00f3n:<\/strong> Notar\u00e1 que su ment\u00f3n se encuentra as\u00ed un poco metido hacia el interior. No deber\u00eda sentir m\u00e1s que una tensi\u00f3n o un estiramiento ligero, no un dolor agudo.<x id=\"gid_1\"><\/x>Es frecuente observar a cantantes que se olvidan de respirar, sobre todo cuando abordan algo nuevo. El miedo a explorar a menudo bloquea la respiraci\u00f3n.  <\/p>\n<p><b>Ejercicio del diafragma (contracci\u00f3n abdominal)<\/b><\/p>\n<p>Este ejercicio es esencial para la toma de conciencia del papel del diafragma y alivia las lumbares.<\/p>\n<ol start=\"1\">\n<li>T\u00fambese c\u00f3modamente sobre la espalda, con las rodillas dobladas.<\/li>\n<li>Coloque los dedos firmemente a los lados del abdomen, entre los huesos de la pelvis y las costillas.<\/li>\n<li>Conc\u00e9ntrese en una respiraci\u00f3n regular y profunda.<\/li>\n<li>Contraiga los m\u00fasculos del abdomen (m\u00fasculo transverso) sin mover nunca la pelvis, las nalgas o la caja tor\u00e1cica. El ombligo debe ser empujado ligeramente hacia atr\u00e1s y hacia arriba. <\/li>\n<li>Mantenga la contracci\u00f3n al menos de 30 a 60 segundos.<\/li>\n<\/ol>\n<p><b>Nota:<\/b> Si la contracci\u00f3n es dif\u00edcil, espire r\u00e1pidamente para expulsar todo el aire. Al final de la espiraci\u00f3n, sentir\u00e1 que el abdomen se reafirma y que los m\u00fasculos del suelo p\u00e9lvico (utilizados para retener las ganas de orinar) se contraen. Reproduzca entonces esta sensaci\u00f3n.  <\/p>\n<p><b>Progresi\u00f3n (5 etapas)<\/b> Si el ejercicio se vuelve f\u00e1cil y no provoca ning\u00fan dolor, progrese as\u00ed:<\/p>\n<ol start=\"1\">\n<li>Repita el ejercicio en posici\u00f3n sentada, con la espalda bien recta.<\/li>\n<li>Repita el ejercicio de pie.<\/li>\n<li>Contraiga el m\u00fasculo transverso al caminar.<\/li>\n<li>Repita el ejercicio sobre la espalda, sentado y luego de pie.<\/li>\n<li><strong>Soporte visual: El movimiento respiratorio.<\/strong>\n<p>&nbsp;<\/p>\n<p><img loading=\"lazy\" decoding=\"async\" class=\"alignnone size-full wp-image-6550\" src=\"https:\/\/www.lauradauzonne.com\/wp-content\/uploads\/2025\/10\/Diaphragme.gif\" alt=\"\" width=\"299\" height=\"239\"><\/li>\n<\/ol>\n<p><b>El diafragma pist\u00f3n (s\u00edntesis)<\/b><\/p>\n<p>El diafragma, a menudo comparado con una lona de paraca\u00eddas (en forma de c\u00fapula), es un m\u00fasculo mayor. Personalmente, me lo imagino como un pist\u00f3n:<\/p>\n<p>&nbsp;<\/p>\n<blockquote><p>El diafragma es un pist\u00f3n que trata la llegada de aire para enviarlo, como un resorte (cuando se comprime), al espectro musical de la cabeza. Este mecanismo dirige a todas las cavidades ac\u00fasticas la nota que desea hacer resonar.<\/p><\/blockquote>\n<\/section>\n<p>&nbsp;<\/p>\n<section>As\u00ed, lo habr\u00e1 comprendido: todo est\u00e1 relacionado.<\/section>\n<section>\u00a1El canto es un instrumento que moviliza todo el cuerpo! <\/section>\n<section><\/section>\n<section><\/section>\n<section><\/section>\n<section><\/section>\n<section><\/section>\n<section><\/section>\n<section><strong>Consejos de lectura<\/strong><\/p>\n<ul>\n<li><em>Les voies du chant<\/em>, de Jean-Pierre Blivet;<\/li>\n<li><em>Construire sa voix<\/em>, de Marie-Jeanne Rodi\u00e8re;<\/li>\n<li><em>Physiologie et art du chant<\/em>, Marie Hutois;<\/li>\n<li><em>La voix lib\u00e9r\u00e9e<\/em>, Yva Barth\u00e9l\u00e9my.<\/li>\n<\/ul>\n<\/section>\n<style>.qodef-m-content {background: #0000008f;}<\/style>\n","protected":false},"excerpt":{"rendered":"<p>\u00a1Buenos d\u00edas a todos mis alumnos! Por primera vez, abro el acceso a un conjunto de pistas y t\u00e9cnicas de trabajo detalladas. Este m\u00f3dulo pretende ser expl\u00edcito y universal, tanto si est\u00e1 familiarizado con mi metodolog\u00eda como si no. Encontrar\u00e1 ejercicios claros para progresar a su ritmo. Si un ejercicio le plantea alg\u00fan problema, sepa [&hellip;]<\/p>\n","protected":false},"author":1,"featured_media":0,"parent":0,"menu_order":0,"comment_status":"closed","ping_status":"closed","template":"","meta":{"footnotes":""},"class_list":["post-6669","page","type-page","status-publish","hentry"],"yoast_head":"<!-- This site is optimized with the Yoast SEO plugin v26.4 - https:\/\/yoast.com\/wordpress\/plugins\/seo\/ -->\n<title>Dominar el canto: El anclaje del cuerpo y la resonancia - Laura Dauzonne - Coach Vocal<\/title>\n<meta name=\"description\" content=\"La simbiosis: la baza ganadora para cantar afinado y bien.\" \/>\n<meta name=\"robots\" content=\"index, follow, max-snippet:-1, max-image-preview:large, max-video-preview:-1\" \/>\n<link rel=\"canonical\" href=\"https:\/\/www.lauradauzonne.com\/es\/dominar-el-canto-el-anclaje-del-cuerpo-y-la-resonancia\/\" \/>\n<meta property=\"og:locale\" content=\"es_ES\" \/>\n<meta property=\"og:type\" content=\"article\" \/>\n<meta property=\"og:title\" content=\"Dominar el canto: El anclaje del cuerpo y la resonancia - Laura Dauzonne - Coach Vocal\" \/>\n<meta property=\"og:description\" content=\"La simbiosis: la baza ganadora para cantar afinado y bien.\" \/>\n<meta property=\"og:url\" content=\"https:\/\/www.lauradauzonne.com\/es\/dominar-el-canto-el-anclaje-del-cuerpo-y-la-resonancia\/\" \/>\n<meta property=\"og:site_name\" content=\"Laura Dauzonne - Coach Vocal\" \/>\n<meta property=\"article:publisher\" content=\"https:\/\/www.facebook.com\/laura.dauzonne75\" \/>\n<meta property=\"og:image\" content=\"https:\/\/www.lauradauzonne.com\/wp-content\/uploads\/2025\/10\/image2.png\" \/>\n\t<meta property=\"og:image:width\" content=\"200\" \/>\n\t<meta property=\"og:image:height\" content=\"182\" \/>\n\t<meta property=\"og:image:type\" content=\"image\/png\" \/>\n<meta name=\"twitter:card\" content=\"summary_large_image\" \/>\n<meta name=\"twitter:label1\" content=\"Tiempo de lectura\" \/>\n\t<meta name=\"twitter:data1\" content=\"5 minutos\" \/>\n<script type=\"application\/ld+json\" class=\"yoast-schema-graph\">{\"@context\":\"https:\/\/schema.org\",\"@graph\":[{\"@type\":\"WebPage\",\"@id\":\"https:\/\/www.lauradauzonne.com\/es\/dominar-el-canto-el-anclaje-del-cuerpo-y-la-resonancia\/\",\"url\":\"https:\/\/www.lauradauzonne.com\/es\/dominar-el-canto-el-anclaje-del-cuerpo-y-la-resonancia\/\",\"name\":\"Dominar el canto: El anclaje del cuerpo y la resonancia - Laura Dauzonne - Coach Vocal\",\"isPartOf\":{\"@id\":\"https:\/\/www.lauradauzonne.com\/es\/#website\"},\"primaryImageOfPage\":{\"@id\":\"https:\/\/www.lauradauzonne.com\/es\/dominar-el-canto-el-anclaje-del-cuerpo-y-la-resonancia\/#primaryimage\"},\"image\":{\"@id\":\"https:\/\/www.lauradauzonne.com\/es\/dominar-el-canto-el-anclaje-del-cuerpo-y-la-resonancia\/#primaryimage\"},\"thumbnailUrl\":\"https:\/\/www.lauradauzonne.com\/wp-content\/uploads\/2025\/10\/image2.png\",\"datePublished\":\"2025-10-08T14:00:19+00:00\",\"description\":\"La simbiosis: la baza ganadora para cantar afinado y bien.\",\"breadcrumb\":{\"@id\":\"https:\/\/www.lauradauzonne.com\/es\/dominar-el-canto-el-anclaje-del-cuerpo-y-la-resonancia\/#breadcrumb\"},\"inLanguage\":\"es\",\"potentialAction\":[{\"@type\":\"ReadAction\",\"target\":[\"https:\/\/www.lauradauzonne.com\/es\/dominar-el-canto-el-anclaje-del-cuerpo-y-la-resonancia\/\"]}]},{\"@type\":\"ImageObject\",\"inLanguage\":\"es\",\"@id\":\"https:\/\/www.lauradauzonne.com\/es\/dominar-el-canto-el-anclaje-del-cuerpo-y-la-resonancia\/#primaryimage\",\"url\":\"https:\/\/www.lauradauzonne.com\/wp-content\/uploads\/2025\/10\/image2.png\",\"contentUrl\":\"https:\/\/www.lauradauzonne.com\/wp-content\/uploads\/2025\/10\/image2.png\"},{\"@type\":\"BreadcrumbList\",\"@id\":\"https:\/\/www.lauradauzonne.com\/es\/dominar-el-canto-el-anclaje-del-cuerpo-y-la-resonancia\/#breadcrumb\",\"itemListElement\":[{\"@type\":\"ListItem\",\"position\":1,\"name\":\"Accueil\",\"item\":\"https:\/\/www.lauradauzonne.com\/es\/\"},{\"@type\":\"ListItem\",\"position\":2,\"name\":\"Dominar el canto: El anclaje del cuerpo y la resonancia\"}]},{\"@type\":\"WebSite\",\"@id\":\"https:\/\/www.lauradauzonne.com\/es\/#website\",\"url\":\"https:\/\/www.lauradauzonne.com\/es\/\",\"name\":\"Laura Dauzonne - Coach Vocal\",\"description\":\"\",\"publisher\":{\"@id\":\"https:\/\/www.lauradauzonne.com\/es\/#\/schema\/person\/4c192002ea4f53049774c9e0ffe5f659\"},\"potentialAction\":[{\"@type\":\"SearchAction\",\"target\":{\"@type\":\"EntryPoint\",\"urlTemplate\":\"https:\/\/www.lauradauzonne.com\/es\/?s={search_term_string}\"},\"query-input\":{\"@type\":\"PropertyValueSpecification\",\"valueRequired\":true,\"valueName\":\"search_term_string\"}}],\"inLanguage\":\"es\"},{\"@type\":[\"Person\",\"Organization\"],\"@id\":\"https:\/\/www.lauradauzonne.com\/es\/#\/schema\/person\/4c192002ea4f53049774c9e0ffe5f659\",\"name\":\"Laura Dauzonne\",\"image\":{\"@type\":\"ImageObject\",\"inLanguage\":\"es\",\"@id\":\"https:\/\/www.lauradauzonne.com\/es\/#\/schema\/person\/image\/\",\"url\":\"https:\/\/www.lauradauzonne.com\/wp-content\/uploads\/2025\/10\/laura-dauzonne.jpg\",\"contentUrl\":\"https:\/\/www.lauradauzonne.com\/wp-content\/uploads\/2025\/10\/laura-dauzonne.jpg\",\"width\":470,\"height\":650,\"caption\":\"Laura Dauzonne\"},\"logo\":{\"@id\":\"https:\/\/www.lauradauzonne.com\/es\/#\/schema\/person\/image\/\"},\"sameAs\":[\"https:\/\/www.lauradauzonne.com\/\",\"https:\/\/www.facebook.com\/laura.dauzonne75\",\"https:\/\/www.instagram.com\/dauzonne_laura\/\",\"https:\/\/www.linkedin.com\/in\/laura-dauzonne-35b542311\",\"https:\/\/www.youtube.com\/channel\/UCkiNoIKJBhB7uha-S8IxvvA\"]}]}<\/script>\n<!-- \/ Yoast SEO plugin. -->","yoast_head_json":{"title":"Dominar el canto: El anclaje del cuerpo y la resonancia - Laura Dauzonne - Coach Vocal","description":"La simbiosis: la baza ganadora para cantar afinado y bien.","robots":{"index":"index","follow":"follow","max-snippet":"max-snippet:-1","max-image-preview":"max-image-preview:large","max-video-preview":"max-video-preview:-1"},"canonical":"https:\/\/www.lauradauzonne.com\/es\/dominar-el-canto-el-anclaje-del-cuerpo-y-la-resonancia\/","og_locale":"es_ES","og_type":"article","og_title":"Dominar el canto: El anclaje del cuerpo y la resonancia - Laura Dauzonne - Coach Vocal","og_description":"La simbiosis: la baza ganadora para cantar afinado y bien.","og_url":"https:\/\/www.lauradauzonne.com\/es\/dominar-el-canto-el-anclaje-del-cuerpo-y-la-resonancia\/","og_site_name":"Laura Dauzonne - Coach Vocal","article_publisher":"https:\/\/www.facebook.com\/laura.dauzonne75","og_image":[{"width":200,"height":182,"url":"https:\/\/www.lauradauzonne.com\/wp-content\/uploads\/2025\/10\/image2.png","type":"image\/png"}],"twitter_card":"summary_large_image","twitter_misc":{"Tiempo de lectura":"5 minutos"},"schema":{"@context":"https:\/\/schema.org","@graph":[{"@type":"WebPage","@id":"https:\/\/www.lauradauzonne.com\/es\/dominar-el-canto-el-anclaje-del-cuerpo-y-la-resonancia\/","url":"https:\/\/www.lauradauzonne.com\/es\/dominar-el-canto-el-anclaje-del-cuerpo-y-la-resonancia\/","name":"Dominar el canto: El anclaje del cuerpo y la resonancia - Laura Dauzonne - Coach Vocal","isPartOf":{"@id":"https:\/\/www.lauradauzonne.com\/es\/#website"},"primaryImageOfPage":{"@id":"https:\/\/www.lauradauzonne.com\/es\/dominar-el-canto-el-anclaje-del-cuerpo-y-la-resonancia\/#primaryimage"},"image":{"@id":"https:\/\/www.lauradauzonne.com\/es\/dominar-el-canto-el-anclaje-del-cuerpo-y-la-resonancia\/#primaryimage"},"thumbnailUrl":"https:\/\/www.lauradauzonne.com\/wp-content\/uploads\/2025\/10\/image2.png","datePublished":"2025-10-08T14:00:19+00:00","description":"La simbiosis: la baza ganadora para cantar afinado y bien.","breadcrumb":{"@id":"https:\/\/www.lauradauzonne.com\/es\/dominar-el-canto-el-anclaje-del-cuerpo-y-la-resonancia\/#breadcrumb"},"inLanguage":"es","potentialAction":[{"@type":"ReadAction","target":["https:\/\/www.lauradauzonne.com\/es\/dominar-el-canto-el-anclaje-del-cuerpo-y-la-resonancia\/"]}]},{"@type":"ImageObject","inLanguage":"es","@id":"https:\/\/www.lauradauzonne.com\/es\/dominar-el-canto-el-anclaje-del-cuerpo-y-la-resonancia\/#primaryimage","url":"https:\/\/www.lauradauzonne.com\/wp-content\/uploads\/2025\/10\/image2.png","contentUrl":"https:\/\/www.lauradauzonne.com\/wp-content\/uploads\/2025\/10\/image2.png"},{"@type":"BreadcrumbList","@id":"https:\/\/www.lauradauzonne.com\/es\/dominar-el-canto-el-anclaje-del-cuerpo-y-la-resonancia\/#breadcrumb","itemListElement":[{"@type":"ListItem","position":1,"name":"Accueil","item":"https:\/\/www.lauradauzonne.com\/es\/"},{"@type":"ListItem","position":2,"name":"Dominar el canto: El anclaje del cuerpo y la resonancia"}]},{"@type":"WebSite","@id":"https:\/\/www.lauradauzonne.com\/es\/#website","url":"https:\/\/www.lauradauzonne.com\/es\/","name":"Laura Dauzonne - Coach Vocal","description":"","publisher":{"@id":"https:\/\/www.lauradauzonne.com\/es\/#\/schema\/person\/4c192002ea4f53049774c9e0ffe5f659"},"potentialAction":[{"@type":"SearchAction","target":{"@type":"EntryPoint","urlTemplate":"https:\/\/www.lauradauzonne.com\/es\/?s={search_term_string}"},"query-input":{"@type":"PropertyValueSpecification","valueRequired":true,"valueName":"search_term_string"}}],"inLanguage":"es"},{"@type":["Person","Organization"],"@id":"https:\/\/www.lauradauzonne.com\/es\/#\/schema\/person\/4c192002ea4f53049774c9e0ffe5f659","name":"Laura Dauzonne","image":{"@type":"ImageObject","inLanguage":"es","@id":"https:\/\/www.lauradauzonne.com\/es\/#\/schema\/person\/image\/","url":"https:\/\/www.lauradauzonne.com\/wp-content\/uploads\/2025\/10\/laura-dauzonne.jpg","contentUrl":"https:\/\/www.lauradauzonne.com\/wp-content\/uploads\/2025\/10\/laura-dauzonne.jpg","width":470,"height":650,"caption":"Laura Dauzonne"},"logo":{"@id":"https:\/\/www.lauradauzonne.com\/es\/#\/schema\/person\/image\/"},"sameAs":["https:\/\/www.lauradauzonne.com\/","https:\/\/www.facebook.com\/laura.dauzonne75","https:\/\/www.instagram.com\/dauzonne_laura\/","https:\/\/www.linkedin.com\/in\/laura-dauzonne-35b542311","https:\/\/www.youtube.com\/channel\/UCkiNoIKJBhB7uha-S8IxvvA"]}]}},"_links":{"self":[{"href":"https:\/\/www.lauradauzonne.com\/es\/wp-json\/wp\/v2\/pages\/6669","targetHints":{"allow":["GET"]}}],"collection":[{"href":"https:\/\/www.lauradauzonne.com\/es\/wp-json\/wp\/v2\/pages"}],"about":[{"href":"https:\/\/www.lauradauzonne.com\/es\/wp-json\/wp\/v2\/types\/page"}],"author":[{"embeddable":true,"href":"https:\/\/www.lauradauzonne.com\/es\/wp-json\/wp\/v2\/users\/1"}],"replies":[{"embeddable":true,"href":"https:\/\/www.lauradauzonne.com\/es\/wp-json\/wp\/v2\/comments?post=6669"}],"version-history":[{"count":0,"href":"https:\/\/www.lauradauzonne.com\/es\/wp-json\/wp\/v2\/pages\/6669\/revisions"}],"wp:attachment":[{"href":"https:\/\/www.lauradauzonne.com\/es\/wp-json\/wp\/v2\/media?parent=6669"}],"curies":[{"name":"wp","href":"https:\/\/api.w.org\/{rel}","templated":true}]}}